{"id":2042,"date":"2019-06-17T11:00:02","date_gmt":"2019-06-17T09:00:02","guid":{"rendered":"https:\/\/www.gartner-steffen.de\/webseite2020\/?page_id=2042"},"modified":"2025-01-06T11:14:14","modified_gmt":"2025-01-06T10:14:14","slug":"mitgliedschaften","status":"publish","type":"page","link":"https:\/\/www.gartner-steffen.de\/en\/home\/team\/mitgliedschaften\/","title":{"rendered":"Memberships\/Voluntary work"},"content":{"rendered":"<p>[vc_row css=&#8221;.vc_custom_1561635793124{margin-bottom: 8% !important;}&#8221;][vc_column]<div id=\"sc_title_679524504\"\n\t\tclass=\"sc_title sc_title_default\"><h1 class=\"sc_item_title sc_title_title sc_align_left sc_item_title_style_default sc_item_title_tag\">Memberships\/Voluntary work<\/h1><\/div><!-- \/.sc_title -->[vc_column_text]<\/p>\n<p style=\"text-align: center;\">Trainer of Gartner-Steffen Personalentwicklung are members in the following institutions:<\/p>\n<p>[\/vc_column_text][\/vc_column][\/vc_row][vc_row full_width=&#8221;stretch_row_content&#8221; equal_height=&#8221;yes&#8221; content_placement=&#8221;middle&#8221;][vc_column width=&#8221;1\/4&#8243;][vc_single_image image=&#8221;2284&#8243; img_size=&#8221;medium&#8221; alignment=&#8221;right&#8221;][\/vc_column][vc_column width=&#8221;1\/4&#8243; scheme=&#8221;scheme_2&#8243; css=&#8221;.vc_custom_1561635390064{background-color: #9bc3c0 !important;}&#8221;][vc_column_text css=&#8221;.vc_custom_1561636987516{padding-top: 2% !important;padding-right: 2% !important;padding-bottom: 2% !important;padding-left: 2% !important;background-color: #9bc3c0 !important;}&#8221;]<\/p>\n<p style=\"text-align: center; color: #fff;\">Akademie f\u00fcr neurowissenschaftliches Bildungsmanagement<\/p>\n<p>[\/vc_column_text][\/vc_column][vc_column width=&#8221;1\/4&#8243;][vc_single_image image=&#8221;2292&#8243; img_size=&#8221;medium&#8221;][\/vc_column][vc_column width=&#8221;1\/4&#8243; css=&#8221;.vc_custom_1561635339676{background-color: #4e87a0 !important;}&#8221;][vc_column_text css=&#8221;.vc_custom_1561637002300{padding-top: 2% !important;padding-right: 2% !important;padding-bottom: 2% !important;padding-left: 2% !important;background-color: #4e87a0 !important;}&#8221;]<\/p>\n<p style=\"text-align: center; color: #fff;\">Ausbilderkreis Berliner Unternehmen (stellv. Vorsitz)<\/p>\n<p>[\/vc_column_text][\/vc_column][\/vc_row][vc_row full_width=&#8221;stretch_row_content&#8221; equal_height=&#8221;yes&#8221; content_placement=&#8221;middle&#8221;][vc_column width=&#8221;1\/4&#8243; css=&#8221;.vc_custom_1561636429257{padding-top: 2% !important;padding-right: 2% !important;padding-bottom: 2% !important;padding-left: 2% !important;background-color: #9bc3c0 !important;}&#8221;][vc_column_text css=&#8221;.vc_custom_1561637021167{padding-top: 20% !important;padding-right: 2% !important;padding-bottom: 20% !important;padding-left: 2% !important;}&#8221;]<\/p>\n<p style=\"text-align: center; color: #fff;\">Berliner Arbeitskreis Rechtswirklichkeit (Vorstandsmitglied)<\/p>\n<p>[\/vc_column_text][\/vc_column][vc_column width=&#8221;1\/4&#8243; scheme=&#8221;scheme_2&#8243;][vc_single_image image=&#8221;2288&#8243; img_size=&#8221;medium&#8221; alignment=&#8221;right&#8221;][\/vc_column][vc_column width=&#8221;1\/4&#8243; css=&#8221;.vc_custom_1561636348854{padding-top: 2% !important;padding-right: 2% !important;padding-bottom: 2% !important;padding-left: 2% !important;background-color: #4e87a0 !important;}&#8221;][vc_column_text css=&#8221;.vc_custom_1561637264516{padding-top: 20% !important;padding-right: 2% !important;padding-bottom: 20% !important;padding-left: 2% !important;background-color: #4e87a0 !important;}&#8221;]<\/p>\n<p style=\"text-align: center; color: #fff;\">Bundesverband MEDIATION e.V., dem Fachverband zur F\u00f6rderung der Verst\u00e4ndigung in Konflikten<\/p>\n<p>[\/vc_column_text][\/vc_column][vc_column width=&#8221;1\/4&#8243;][vc_single_image image=&#8221;2293&#8243; img_size=&#8221;medium&#8221;][\/vc_column][\/vc_row][vc_row full_width=&#8221;stretch_row_content&#8221; equal_height=&#8221;yes&#8221; content_placement=&#8221;middle&#8221;][vc_column width=&#8221;1\/4&#8243; css=&#8221;.vc_custom_1561636466207{padding-top: 0px !important;}&#8221;][vc_single_image image=&#8221;2286&#8243; img_size=&#8221;medium&#8221; alignment=&#8221;right&#8221;][\/vc_column][vc_column width=&#8221;1\/4&#8243; scheme=&#8221;scheme_2&#8243; css=&#8221;.vc_custom_1561636490184{background-color: #4e87a0 !important;}&#8221;][vc_column_text css=&#8221;.vc_custom_1561637289485{padding-top: 20% !important;padding-right: 2% !important;padding-bottom: 20% !important;padding-left: 2% !important;background-color: #4e87a0 !important;}&#8221;]<\/p>\n<p style=\"text-align: center; color: #fff;\">Landessportbund Berlin\/Sportjugend Berlin<\/p>\n<p>[\/vc_column_text][\/vc_column][vc_column width=&#8221;1\/4&#8243; css=&#8221;.vc_custom_1561636527376{padding-top: 2% !important;padding-right: 2% !important;padding-bottom: 2% !important;padding-left: 2% !important;background-color: #9bc3c0 !important;}&#8221;][vc_column_text css=&#8221;.vc_custom_1561637385263{padding-top: 20% !important;padding-right: 2% !important;padding-bottom: 20% !important;padding-left: 2% !important;}&#8221;]<\/p>\n<p style=\"text-align: center; color: #fff;\">Lawyers for Development and Association e.V. (stellv. Vorsitz)<\/p>\n<p>[\/vc_column_text][\/vc_column][vc_column width=&#8221;1\/4&#8243; css=&#8221;.vc_custom_1561636511524{background-color: #4e87a0 !important;}&#8221;][vc_column_text css=&#8221;.vc_custom_1561637405152{padding-top: 20% !important;padding-right: 2% !important;padding-bottom: 20% !important;padding-left: 2% !important;background-color: #4e87a0 !important;}&#8221;]<\/p>\n<p style=\"text-align: center; color: #fff;\">Pr\u00fcfungsausschuss der Industrie- und Handelskammer (IHK) zu Berlin f\u00fcr die Ausbildereignungsverordnungs-pr\u00fcfung (AEVO) und im AEVO Befreiungsausschusss<\/p>\n<p>[\/vc_column_text][\/vc_column][\/vc_row][vc_row full_width=&#8221;stretch_row_content&#8221; equal_height=&#8221;yes&#8221; content_placement=&#8221;middle&#8221;][vc_column width=&#8221;1\/4&#8243; css=&#8221;.vc_custom_1561637519197{padding-top: 2% !important;padding-right: 2% !important;padding-bottom: 2% !important;padding-left: 2% !important;background-color: #4e87a0 !important;}&#8221;][vc_empty_space height=&#8221;300px&#8221; alter_height=&#8221;medium&#8221; hide_on_mobile=&#8221;&#8221;][\/vc_column][vc_column width=&#8221;1\/4&#8243; scheme=&#8221;scheme_2&#8243; css=&#8221;.vc_custom_1561636568694{background-color: #9bc3c0 !important;}&#8221;][vc_column_text css=&#8221;.vc_custom_1561637422828{padding-top: 20% !important;padding-right: 2% !important;padding-bottom: 20% !important;padding-left: 2% !important;background-color: #9bc3c0 !important;}&#8221;]<\/p>\n<p style=\"text-align: center; color: #fff;\">Verein Berliner Austauschsch\u00fcler e.V. (Beirat)<\/p>\n<p>[\/vc_column_text][\/vc_column][vc_column width=&#8221;1\/4&#8243; css=&#8221;.vc_custom_1561636348854{padding-top: 2% !important;padding-right: 2% !important;padding-bottom: 2% !important;padding-left: 2% !important;background-color: #4e87a0 !important;}&#8221;][vc_column_text css=&#8221;.vc_custom_1561637436993{padding-top: 20% !important;padding-right: 2% !important;padding-bottom: 20% !important;padding-left: 2% !important;background-color: #4e87a0 !important;}&#8221;]<\/p>\n<p style=\"text-align: center; color: #fff;\">Vereinigung f\u00fcr Rechtssoziologie (Mitglied im erweiterten Vorstand)<\/p>\n<p>[\/vc_column_text][\/vc_column][vc_column width=&#8221;1\/4&#8243;][vc_column_text css=&#8221;.vc_custom_1580827839304{padding-top: 20% !important;padding-right: 2% !important;padding-bottom: 20% !important;padding-left: 2% !important;}&#8221;]<span class=\"Apple-converted-space\">and is assigned for cooperation with\u00a0Cooperative Mensch eG.<\/span>[\/vc_column_text][\/vc_column][\/vc_row][vc_row css=&#8221;.vc_custom_1489581686471{margin-top: 10% !important;margin-bottom: 8.3% !important;}&#8221;][vc_column width=&#8221;6\/12&#8243; scheme=&#8221;scheme_2&#8243; icons_position=&#8221;left&#8221;]<div id=\"sc_title_1629073066\"\n\t\tclass=\"sc_title sc_title_default\"><h6 class=\"sc_item_subtitle sc_title_subtitle sc_align_left sc_item_title_style_default\">E-Mail<\/h6><h3 class=\"sc_item_title sc_title_title sc_align_left sc_item_title_style_default\">Contact us<\/h3><\/div><!-- \/.sc_title -->\n<div class=\"wpcf7 no-js\" id=\"wpcf7-f2615-o1\" lang=\"en-US\" dir=\"ltr\" data-wpcf7-id=\"2615\">\n<div class=\"screen-reader-response\"><p role=\"status\" aria-live=\"polite\" aria-atomic=\"true\"><\/p> <ul><\/ul><\/div>\n<form action=\"\/en\/wp-json\/wp\/v2\/pages\/2042#wpcf7-f2615-o1\" method=\"post\" class=\"wpcf7-form init\" aria-label=\"Contact form\" novalidate=\"novalidate\" data-status=\"init\">\n<fieldset class=\"hidden-fields-container\"><input type=\"hidden\" name=\"_wpcf7\" value=\"2615\" \/><input type=\"hidden\" name=\"_wpcf7_version\" value=\"6.1.5\" \/><input type=\"hidden\" name=\"_wpcf7_locale\" value=\"en_US\" \/><input type=\"hidden\" name=\"_wpcf7_unit_tag\" value=\"wpcf7-f2615-o1\" \/><input type=\"hidden\" name=\"_wpcf7_container_post\" value=\"0\" \/><input type=\"hidden\" name=\"_wpcf7_posted_data_hash\" value=\"\" \/>\n<\/fieldset>\n<div class=\"columns_wrap\">\n\t<div class=\"column-1_2\">\n\t\t<p><span class=\"wpcf7-form-control-wrap\" data-name=\"your-name\"><input size=\"40\" maxlength=\"400\" class=\"wpcf7-form-control wpcf7-text wpcf7-validates-as-required\" aria-required=\"true\" aria-invalid=\"false\" placeholder=\"name*\" value=\"\" type=\"text\" name=\"your-name\" \/><\/span>\n\t\t<\/p>\n\t<\/div>\n\t<div class=\"column-1_2\">\n\t\t<p><span class=\"wpcf7-form-control-wrap\" data-name=\"your-email\"><input size=\"40\" maxlength=\"400\" class=\"wpcf7-form-control wpcf7-email wpcf7-validates-as-required wpcf7-text wpcf7-validates-as-email\" aria-required=\"true\" aria-invalid=\"false\" placeholder=\"email*\" value=\"\" type=\"email\" name=\"your-email\" \/><\/span>\n\t\t<\/p>\n\t<\/div>\n\t<div class=\"column-1_1\">\n\t\t<p><span id=\"wpcf7-69f2e55f79158-wrapper\" class=\"wpcf7-form-control-wrap website-wrap\" style=\"display:none !important; visibility:hidden !important;\"><input type=\"hidden\" name=\"website-time-start\" value=\"1777526111\"><input type=\"hidden\" name=\"website-time-check\" value=\"8\"><label for=\"wpcf7-69f2e55f79158-field\" class=\"hp-message\">Please leave this field empty.<\/label><input id=\"wpcf7-69f2e55f79158-field\"  class=\"wpcf7-form-control wpcf7-text\" type=\"text\" name=\"website\" value=\"\" size=\"40\" tabindex=\"-1\" autocomplete=\"new-password\" \/><\/span>\n\t\t<\/p>\n\t<\/div>\n<\/div>\n<div class=\"columns_wrap\">\n\t<div class=\"column-1_1\">\n\t\t<p><span class=\"wpcf7-form-control-wrap\" data-name=\"textarea-message\"><textarea cols=\"40\" rows=\"4\" maxlength=\"2000\" class=\"wpcf7-form-control wpcf7-textarea wpcf7-validates-as-required\" aria-required=\"true\" aria-invalid=\"false\" placeholder=\"message*\" name=\"textarea-message\"><\/textarea><\/span>\n\t\t<\/p>\n\t<\/div>\n<\/div>\n<div class=\"columns_wrap\">\n\t<div class=\"column-1_1\">\n\t\t<p><span class=\"wpcf7-form-control-wrap\" data-name=\"acceptance-86\"><span class=\"wpcf7-form-control wpcf7-acceptance\"><span class=\"wpcf7-list-item\"><label><input type=\"checkbox\" name=\"acceptance-86\" value=\"1\" aria-invalid=\"false\" \/><span class=\"wpcf7-list-item-label\">I agree to the storage and further processing of my data.<\/span><\/label><\/span><\/span><\/span>\n\t\t<\/p>\n\t\t<p><span class=\"\"><input class=\"wpcf7-form-control wpcf7-submit has-spinner\" type=\"submit\" value=\"send\" \/><\/span>\n\t\t<\/p>\n\t<\/div>\n<\/div><div class=\"wpcf7-response-output\" aria-hidden=\"true\"><\/div>\n<\/form>\n<\/div>\n[vc_empty_space hide_on_mobile=&#8221;&#8221;][\/vc_column][vc_column width=&#8221;1\/12&#8243; icons_position=&#8221;left&#8221;][\/vc_column][vc_column width=&#8221;5\/12&#8243; icons_position=&#8221;left&#8221;]<div id=\"sc_title_387304881\"\n\t\tclass=\"sc_title sc_title_default\"><h6 class=\"sc_item_subtitle sc_title_subtitle sc_align_left sc_item_title_style_default\">Adress<\/h6><h3 class=\"sc_item_title sc_title_title sc_align_left sc_item_title_style_default\">Contact<\/h3><\/div><!-- \/.sc_title -->[vc_column_text]<strong>Gartner-Steffen Team<\/strong><\/p>\n<p><strong>Adresse:<\/strong><br \/>\nB\u00fclowstra\u00dfe 66<br \/>\n10783 Berlin<br \/>\n<strong>Tel.:<\/strong> +49 30 8265242<br \/>\n<strong>Fax:<\/strong> +49 30 89510278<br \/>\n<strong>E-Mail: <a style=\"color: #9bc3c0;\" href=\"mailto:info@gartner-steffen.de\">info@gartner-steffen.de<\/a><\/strong><\/p>\n<p><a style=\"color: #9bc3c0;\" href=\"https:\/\/www.facebook.com\/GartnerSteffen\">www.facebook.com\/GartnerSteffen <\/a>[\/vc_column_text][\/vc_column][\/vc_row]<\/p>\n","protected":false},"excerpt":{"rendered":"<p>[vc_row css=&#8221;.vc_custom_1561635793124{margin-bottom: 8% !important;}&#8221;][vc_column][vc_column_text] Trainer of Gartner-Steffen Personalentwicklung are members in the following institutions: [\/vc_column_text][\/vc_column][\/vc_row][vc_row full_width=&#8221;stretch_row_content&#8221; equal_height=&#8221;yes&#8221; content_placement=&#8221;middle&#8221;][vc_column width=&#8221;1\/4&#8243;][vc_single_image image=&#8221;2284&#8243; img_size=&#8221;medium&#8221; alignment=&#8221;right&#8221;][\/vc_column][vc_column width=&#8221;1\/4&#8243; scheme=&#8221;scheme_2&#8243; css=&#8221;.vc_custom_1561635390064{background-color: #9bc3c0 !important;}&#8221;][vc_column_text css=&#8221;.vc_custom_1561636987516{padding-top: 2% !important;padding-right: 2% !important;padding-bottom: 2% !important;padding-left: 2% !important;background-color: #9bc3c0 !important;}&#8221;] Akademie f\u00fcr neurowissenschaftliches Bildungsmanagement [\/vc_column_text][\/vc_column][vc_column width=&#8221;1\/4&#8243;][vc_single_image image=&#8221;2292&#8243; img_size=&#8221;medium&#8221;][\/vc_column][vc_column width=&#8221;1\/4&#8243; css=&#8221;.vc_custom_1561635339676{background-color: #4e87a0 !important;}&#8221;][vc_column_text css=&#8221;.vc_custom_1561637002300{padding-top: 2% !important;padding-right: 2% !important;padding-bottom: 2% !important;padding-left: 2% !important;background-color: #4e87a0&hellip;<\/p>\n","protected":false},"author":2,"featured_media":2931,"parent":1561,"menu_order":6,"comment_status":"closed","ping_status":"closed","template":"","meta":{"footnotes":""},"class_list":["post-2042","page","type-page","status-publish","has-post-thumbnail","hentry"],"translation":{"provider":"WPGlobus","version":"3.0.2","language":"en","enabled_languages":["de","en"],"languages":{"de":{"title":true,"content":true,"excerpt":false},"en":{"title":true,"content":true,"excerpt":false}}},"yoast_head":"<!-- This site is optimized with the Yoast SEO plugin v24.3 - https:\/\/yoast.com\/wordpress\/plugins\/seo\/ -->\n<title>Memberships\/Voluntary work - Gartner-Steffen Team<\/title>\n<meta name=\"robots\" content=\"index, follow, max-snippet:-1, max-image-preview:large, max-video-preview:-1\" \/>\n<link rel=\"canonical\" href=\"https:\/\/www.gartner-steffen.de\/home\/team\/mitgliedschaften\/\" \/>\n<meta property=\"og:locale\" content=\"en_US\" \/>\n<meta property=\"og:type\" content=\"article\" \/>\n<meta property=\"og:title\" content=\"Memberships\/Voluntary work - Gartner-Steffen Team\" \/>\n<meta property=\"og:url\" content=\"https:\/\/www.gartner-steffen.de\/home\/team\/mitgliedschaften\/\" \/>\n<meta property=\"og:site_name\" content=\"Gartner-Steffen Team\" \/>\n<meta property=\"article:publisher\" content=\"https:\/\/www.facebook.com\/GartnerSteffen\" \/>\n<meta property=\"article:modified_time\" content=\"2025-01-06T10:14:14+00:00\" \/>\n<meta property=\"og:image\" content=\"https:\/\/www.gartner-steffen.de\/wp-content\/uploads\/2019\/08\/gruen8.jpg\" \/>\n\t<meta property=\"og:image:width\" content=\"2160\" \/>\n\t<meta property=\"og:image:height\" content=\"1440\" \/>\n\t<meta property=\"og:image:type\" content=\"image\/jpeg\" \/>\n<script type=\"application\/ld+json\" class=\"yoast-schema-graph\">{\"@context\":\"https:\/\/schema.org\",\"@graph\":[{\"@type\":\"WebPage\",\"@id\":\"https:\/\/www.gartner-steffen.de\/home\/team\/mitgliedschaften\/\",\"url\":\"https:\/\/www.gartner-steffen.de\/home\/team\/mitgliedschaften\/\",\"name\":\"Memberships\/Voluntary work - Gartner-Steffen Team\",\"isPartOf\":{\"@id\":\"https:\/\/www.gartner-steffen.de\/#website\"},\"primaryImageOfPage\":{\"@id\":\"https:\/\/www.gartner-steffen.de\/home\/team\/mitgliedschaften\/#primaryimage\"},\"image\":{\"@id\":\"https:\/\/www.gartner-steffen.de\/home\/team\/mitgliedschaften\/#primaryimage\"},\"thumbnailUrl\":\"https:\/\/www.gartner-steffen.de\/wp-content\/uploads\/2019\/08\/gruen8.jpg\",\"datePublished\":\"2019-06-17T09:00:02+00:00\",\"dateModified\":\"2025-01-06T10:14:14+00:00\",\"breadcrumb\":{\"@id\":\"https:\/\/www.gartner-steffen.de\/home\/team\/mitgliedschaften\/#breadcrumb\"},\"inLanguage\":\"en-US\",\"potentialAction\":[{\"@type\":\"ReadAction\",\"target\":[\"https:\/\/www.gartner-steffen.de\/home\/team\/mitgliedschaften\/\"]}]},{\"@type\":\"ImageObject\",\"inLanguage\":\"en-US\",\"@id\":\"https:\/\/www.gartner-steffen.de\/home\/team\/mitgliedschaften\/#primaryimage\",\"url\":\"https:\/\/www.gartner-steffen.de\/wp-content\/uploads\/2019\/08\/gruen8.jpg\",\"contentUrl\":\"https:\/\/www.gartner-steffen.de\/wp-content\/uploads\/2019\/08\/gruen8.jpg\",\"width\":2160,\"height\":1440},{\"@type\":\"BreadcrumbList\",\"@id\":\"https:\/\/www.gartner-steffen.de\/home\/team\/mitgliedschaften\/#breadcrumb\",\"itemListElement\":[{\"@type\":\"ListItem\",\"position\":1,\"name\":\"Startseite\",\"item\":\"https:\/\/www.gartner-steffen.de\/\"},{\"@type\":\"ListItem\",\"position\":2,\"name\":\"Startseite\",\"item\":\"https:\/\/www.gartner-steffen.de\/\"},{\"@type\":\"ListItem\",\"position\":3,\"name\":\"\u00dcber uns\",\"item\":\"https:\/\/www.gartner-steffen.de\/home\/team\/\"},{\"@type\":\"ListItem\",\"position\":4,\"name\":\"Mitgliedschaft\/Ehrenamt\"}]},{\"@type\":\"WebSite\",\"@id\":\"https:\/\/www.gartner-steffen.de\/#website\",\"url\":\"https:\/\/www.gartner-steffen.de\/\",\"name\":\"{:de}Gartner-Steffen Team{:}{:en}Gartner-Steffen Team{:}\",\"description\":\"Personalentwicklung, Coaching und Konfliktberatung\",\"publisher\":{\"@id\":\"https:\/\/www.gartner-steffen.de\/#organization\"},\"potentialAction\":[{\"@type\":\"SearchAction\",\"target\":{\"@type\":\"EntryPoint\",\"urlTemplate\":\"https:\/\/www.gartner-steffen.de\/?s={search_term_string}\"},\"query-input\":{\"@type\":\"PropertyValueSpecification\",\"valueRequired\":true,\"valueName\":\"search_term_string\"}}],\"inLanguage\":\"en-US\"},{\"@type\":\"Organization\",\"@id\":\"https:\/\/www.gartner-steffen.de\/#organization\",\"name\":\"{:de}Gartner-Steffen Team{:}{:en}Gartner-Steffen Team{:}\",\"url\":\"https:\/\/www.gartner-steffen.de\/\",\"logo\":{\"@type\":\"ImageObject\",\"inLanguage\":\"en-US\",\"@id\":\"https:\/\/www.gartner-steffen.de\/#\/schema\/logo\/image\/\",\"url\":\"https:\/\/www.gartner-steffen.de\/wp-content\/uploads\/2019\/08\/Gartner-Steffen_Logo-2.png\",\"contentUrl\":\"https:\/\/www.gartner-steffen.de\/wp-content\/uploads\/2019\/08\/Gartner-Steffen_Logo-2.png\",\"width\":241,\"height\":44,\"caption\":\"{:de}Gartner-Steffen Team{:}{:en}Gartner-Steffen Team{:}\"},\"image\":{\"@id\":\"https:\/\/www.gartner-steffen.de\/#\/schema\/logo\/image\/\"},\"sameAs\":[\"https:\/\/www.facebook.com\/GartnerSteffen\",\"https:\/\/www.linkedin.com\/in\/norman-radtke-835b336a\"]}]}<\/script>\n<!-- \/ Yoast SEO plugin. -->","yoast_head_json":{"title":"Memberships\/Voluntary work - Gartner-Steffen Team","robots":{"index":"index","follow":"follow","max-snippet":"max-snippet:-1","max-image-preview":"max-image-preview:large","max-video-preview":"max-video-preview:-1"},"canonical":"https:\/\/www.gartner-steffen.de\/home\/team\/mitgliedschaften\/","og_locale":"en_US","og_type":"article","og_title":"Memberships\/Voluntary work - Gartner-Steffen Team","og_url":"https:\/\/www.gartner-steffen.de\/home\/team\/mitgliedschaften\/","og_site_name":"Gartner-Steffen Team","article_publisher":"https:\/\/www.facebook.com\/GartnerSteffen","article_modified_time":"2025-01-06T10:14:14+00:00","og_image":[{"width":2160,"height":1440,"url":"https:\/\/www.gartner-steffen.de\/wp-content\/uploads\/2019\/08\/gruen8.jpg","type":"image\/jpeg"}],"schema":{"@context":"https:\/\/schema.org","@graph":[{"@type":"WebPage","@id":"https:\/\/www.gartner-steffen.de\/home\/team\/mitgliedschaften\/","url":"https:\/\/www.gartner-steffen.de\/home\/team\/mitgliedschaften\/","name":"Memberships\/Voluntary work - Gartner-Steffen Team","isPartOf":{"@id":"https:\/\/www.gartner-steffen.de\/#website"},"primaryImageOfPage":{"@id":"https:\/\/www.gartner-steffen.de\/home\/team\/mitgliedschaften\/#primaryimage"},"image":{"@id":"https:\/\/www.gartner-steffen.de\/home\/team\/mitgliedschaften\/#primaryimage"},"thumbnailUrl":"https:\/\/www.gartner-steffen.de\/wp-content\/uploads\/2019\/08\/gruen8.jpg","datePublished":"2019-06-17T09:00:02+00:00","dateModified":"2025-01-06T10:14:14+00:00","breadcrumb":{"@id":"https:\/\/www.gartner-steffen.de\/home\/team\/mitgliedschaften\/#breadcrumb"},"inLanguage":"en-US","potentialAction":[{"@type":"ReadAction","target":["https:\/\/www.gartner-steffen.de\/home\/team\/mitgliedschaften\/"]}]},{"@type":"ImageObject","inLanguage":"en-US","@id":"https:\/\/www.gartner-steffen.de\/home\/team\/mitgliedschaften\/#primaryimage","url":"https:\/\/www.gartner-steffen.de\/wp-content\/uploads\/2019\/08\/gruen8.jpg","contentUrl":"https:\/\/www.gartner-steffen.de\/wp-content\/uploads\/2019\/08\/gruen8.jpg","width":2160,"height":1440},{"@type":"BreadcrumbList","@id":"https:\/\/www.gartner-steffen.de\/home\/team\/mitgliedschaften\/#breadcrumb","itemListElement":[{"@type":"ListItem","position":1,"name":"Startseite","item":"https:\/\/www.gartner-steffen.de\/"},{"@type":"ListItem","position":2,"name":"Startseite","item":"https:\/\/www.gartner-steffen.de\/"},{"@type":"ListItem","position":3,"name":"\u00dcber uns","item":"https:\/\/www.gartner-steffen.de\/home\/team\/"},{"@type":"ListItem","position":4,"name":"Mitgliedschaft\/Ehrenamt"}]},{"@type":"WebSite","@id":"https:\/\/www.gartner-steffen.de\/#website","url":"https:\/\/www.gartner-steffen.de\/","name":"{:de}Gartner-Steffen Team{:}{:en}Gartner-Steffen Team{:}","description":"Personalentwicklung, Coaching und Konfliktberatung","publisher":{"@id":"https:\/\/www.gartner-steffen.de\/#organization"},"potentialAction":[{"@type":"SearchAction","target":{"@type":"EntryPoint","urlTemplate":"https:\/\/www.gartner-steffen.de\/?s={search_term_string}"},"query-input":{"@type":"PropertyValueSpecification","valueRequired":true,"valueName":"search_term_string"}}],"inLanguage":"en-US"},{"@type":"Organization","@id":"https:\/\/www.gartner-steffen.de\/#organization","name":"{:de}Gartner-Steffen Team{:}{:en}Gartner-Steffen Team{:}","url":"https:\/\/www.gartner-steffen.de\/","logo":{"@type":"ImageObject","inLanguage":"en-US","@id":"https:\/\/www.gartner-steffen.de\/#\/schema\/logo\/image\/","url":"https:\/\/www.gartner-steffen.de\/wp-content\/uploads\/2019\/08\/Gartner-Steffen_Logo-2.png","contentUrl":"https:\/\/www.gartner-steffen.de\/wp-content\/uploads\/2019\/08\/Gartner-Steffen_Logo-2.png","width":241,"height":44,"caption":"{:de}Gartner-Steffen Team{:}{:en}Gartner-Steffen Team{:}"},"image":{"@id":"https:\/\/www.gartner-steffen.de\/#\/schema\/logo\/image\/"},"sameAs":["https:\/\/www.facebook.com\/GartnerSteffen","https:\/\/www.linkedin.com\/in\/norman-radtke-835b336a"]}]}},"_links":{"self":[{"href":"https:\/\/www.gartner-steffen.de\/en\/wp-json\/wp\/v2\/pages\/2042","targetHints":{"allow":["GET"]}}],"collection":[{"href":"https:\/\/www.gartner-steffen.de\/en\/wp-json\/wp\/v2\/pages"}],"about":[{"href":"https:\/\/www.gartner-steffen.de\/en\/wp-json\/wp\/v2\/types\/page"}],"author":[{"embeddable":true,"href":"https:\/\/www.gartner-steffen.de\/en\/wp-json\/wp\/v2\/users\/2"}],"replies":[{"embeddable":true,"href":"https:\/\/www.gartner-steffen.de\/en\/wp-json\/wp\/v2\/comments?post=2042"}],"version-history":[{"count":6,"href":"https:\/\/www.gartner-steffen.de\/en\/wp-json\/wp\/v2\/pages\/2042\/revisions"}],"predecessor-version":[{"id":5770,"href":"https:\/\/www.gartner-steffen.de\/en\/wp-json\/wp\/v2\/pages\/2042\/revisions\/5770"}],"up":[{"embeddable":true,"href":"https:\/\/www.gartner-steffen.de\/en\/wp-json\/wp\/v2\/pages\/1561"}],"wp:featuredmedia":[{"embeddable":true,"href":"https:\/\/www.gartner-steffen.de\/en\/wp-json\/wp\/v2\/media\/2931"}],"wp:attachment":[{"href":"https:\/\/www.gartner-steffen.de\/en\/wp-json\/wp\/v2\/media?parent=2042"}],"curies":[{"name":"wp","href":"https:\/\/api.w.org\/{rel}","templated":true}]}}